{"id":163,"date":"2019-11-20T21:22:22","date_gmt":"2019-11-20T21:22:22","guid":{"rendered":"https:\/\/spn320.mirzamperez.sites.grinnell.edu\/fall-2019\/?page_id=163"},"modified":"2019-12-17T03:23:35","modified_gmt":"2019-12-17T03:23:35","slug":"gabe-test","status":"publish","type":"page","link":"https:\/\/spn320.mirzamperez.sites.grinnell.edu\/fall-2019\/gabe-test\/","title":{"rendered":"Calle 13 y la Solidaridad Internacional"},"content":{"rendered":"<p>Siempre he sido un gran fan del grupo musical Calle 13. Una de las razones principales es los mensajes pol\u00edticos expresados por su rapero principal: Residente. Una opini\u00f3n pol\u00edtica en la m\u00fasica de Calle 13 es la importancia de la solidaridad internacional, y el apoyo en causas interrelacionadas. Para m\u00ed, este \u00e9nfasis en la solidaridad internacional fue incre\u00edblemente inspirador e importante. Valoro las voces de las artistas en la pol\u00edtica porque creo que ayudan en la lucha contra los sistemas opresivos.<\/p>\n<div id=\"attachment_411\" style=\"width: 229px\" class=\"wp-caption alignleft\"><img fetchpriority=\"high\" decoding=\"async\" aria-describedby=\"caption-attachment-411\" class=\"wp-image-411\" src=\"https:\/\/spn320.mirzamperez.sites.grinnell.edu\/fall-2019\/wp-content\/uploads\/2019\/12\/image-68534-240x300.jpg\" alt=\"\" width=\"219\" height=\"273\" srcset=\"https:\/\/spn320.mirzamperez.sites.grinnell.edu\/fall-2019\/wp-content\/uploads\/2019\/12\/image-68534-240x300.jpg 240w, https:\/\/spn320.mirzamperez.sites.grinnell.edu\/fall-2019\/wp-content\/uploads\/2019\/12\/image-68534.jpg 400w\" sizes=\"(max-width: 219px) 100vw, 219px\" \/><p id=\"caption-attachment-411\" class=\"wp-caption-text\">El vestuario de Residente freceuntemente demuestra sus opiniones pol\u00edticos<\/p><\/div>\n<p>Yo quer\u00eda analizar como las referencias a la solidaridad internacional cambiaron con el avance de la discograf\u00eda de Calle 13. Ten\u00eda la esperanza de encontrar dos cosas: la cantidad de veces que Residente estaba dando solidaridad, y una geograf\u00eda de donde \u00e9l estaba dirigiendo su solidaridad durante cada \u00e9poca de su m\u00fasica.<\/p>\n<p style=\"text-align: center;\"><strong>Lo que encontr\u00e9 fue una evoluci\u00f3n pol\u00edtica: el enfoque geopol\u00edtico hab\u00eda expandido en cada \u00e1lbum. <\/strong><\/p>\n<div id=\"attachment_414\" style=\"width: 165px\" class=\"wp-caption alignright\"><img decoding=\"async\" aria-describedby=\"caption-attachment-414\" class=\"wp-image-414\" src=\"https:\/\/spn320.mirzamperez.sites.grinnell.edu\/fall-2019\/wp-content\/uploads\/2019\/12\/querido-fbi-300x300.jpg\" alt=\"\" width=\"155\" height=\"155\" srcset=\"https:\/\/spn320.mirzamperez.sites.grinnell.edu\/fall-2019\/wp-content\/uploads\/2019\/12\/querido-fbi-300x300.jpg 300w, https:\/\/spn320.mirzamperez.sites.grinnell.edu\/fall-2019\/wp-content\/uploads\/2019\/12\/querido-fbi-150x150.jpg 150w, https:\/\/spn320.mirzamperez.sites.grinnell.edu\/fall-2019\/wp-content\/uploads\/2019\/12\/querido-fbi.jpg 500w\" sizes=\"(max-width: 155px) 100vw, 155px\" \/><p id=\"caption-attachment-414\" class=\"wp-caption-text\">Portada del sencillo &#8220;Querido FBI&#8221;<\/p><\/div>\n<p style=\"text-align: left;\">En sus primeras canciones, Residente habl\u00f3 primariamente sobre la pol\u00edtica local en Puerto Rico. Se puede ver eso en la canci\u00f3n \u201cQuerido FBI,\u201d que lanz\u00f3 despu\u00e9s del asesinato de Filiberto Ojeda R\u00edos, un l\u00edder para el movimiento de independencia en Puerto Rico. En la canci\u00f3n, Residente canta \u201c\u00a1Por la libre, viva Puerto Rico libre!\u201d<\/p>\n<p>En los pr\u00f3ximos \u00e1lbumes, Residente discuti\u00f3 la pol\u00edtica latinoamericana m\u00e1s generalmente, haciendo referencias a la \u201clatinidad.\u201d Se puede ver eso en la canci\u00f3n \u201cLatinoam\u00e9rica,\u201d cuando Residente canta \u201cAqu\u00ed estamos de pie, \u00a1Que viva la Am\u00e9rica! No puedes comprar mi vida.\u201d<\/p>\n<div id=\"attachment_412\" style=\"width: 164px\" class=\"wp-caption alignleft\"><img decoding=\"async\" aria-describedby=\"caption-attachment-412\" class=\"wp-image-412\" src=\"https:\/\/spn320.mirzamperez.sites.grinnell.edu\/fall-2019\/wp-content\/uploads\/2019\/12\/multi-300x300.jpg\" alt=\"\" width=\"154\" height=\"154\" srcset=\"https:\/\/spn320.mirzamperez.sites.grinnell.edu\/fall-2019\/wp-content\/uploads\/2019\/12\/multi-300x300.jpg 300w, https:\/\/spn320.mirzamperez.sites.grinnell.edu\/fall-2019\/wp-content\/uploads\/2019\/12\/multi-150x150.jpg 150w, https:\/\/spn320.mirzamperez.sites.grinnell.edu\/fall-2019\/wp-content\/uploads\/2019\/12\/multi.jpg 316w\" sizes=\"(max-width: 154px) 100vw, 154px\" \/><p id=\"caption-attachment-412\" class=\"wp-caption-text\">A\u00fan el arte de los \u00e1lbumes demuestra la solidaridad: En Multiviral, lag ente unida forman el logotipo de Calle 13<\/p><\/div>\n<p>En su \u00faltimo \u00e1lbum, Multiviral, Residente expandi\u00f3 su vistazo a\u00fan m\u00e1s para colocar la pol\u00edtica en Puerto Rico y Latinoam\u00e9rica como una parte de la lucha global. Se puede ver eso en la canci\u00f3n \u201cEl Aguante,\u201d que discute la resistencia contra l\u00edderes autoritarios desde Hitler a Stalin a Pinochet.<\/p>\n<p>Tambi\u00e9n consegu\u00ed evidencia m\u00e1s cient\u00edfica de la expansi\u00f3n del enfoque geopol\u00edtico. Usando la herramienta de Voyant con un documento con todas las letras de Calle 13 en orden cronol\u00f3gico, busqu\u00e9 las referencias a comunidades variadas. Estas comunidades fueron espec\u00edficas, como pa\u00edses, y m\u00e1s general, como \u201cel mundo.\u201d Figura 1 demuestra las referencias a Puerto Rico, los cuales disminuyeron tras el avance de la discograf\u00eda, la latinidad, las cuales aumentaron y luego disminuyeron otra vez, y el mundo, los cuales gradualmente aumentaron.<\/p>\n<div id=\"attachment_387\" style=\"width: 882px\" class=\"wp-caption aligncenter\"><img loading=\"lazy\" decoding=\"async\" aria-describedby=\"caption-attachment-387\" class=\"wp-image-387\" src=\"https:\/\/spn320.mirzamperez.sites.grinnell.edu\/fall-2019\/wp-content\/uploads\/2019\/12\/regiones-300x53.png\" alt=\"\" width=\"872\" height=\"154\" srcset=\"https:\/\/spn320.mirzamperez.sites.grinnell.edu\/fall-2019\/wp-content\/uploads\/2019\/12\/regiones-300x53.png 300w, https:\/\/spn320.mirzamperez.sites.grinnell.edu\/fall-2019\/wp-content\/uploads\/2019\/12\/regiones.png 605w\" sizes=\"(max-width: 872px) 100vw, 872px\" \/><p id=\"caption-attachment-387\" class=\"wp-caption-text\">Figura 1<\/p><\/div>\n<p>Estaba pendiente de que las referencias a los espacios geogr\u00e1ficos no fueron la \u00fanica manera para demostrar la solidaridad. Busqu\u00e9 evidencia de las conjugaciones verbales para ver cuantas veces Residente empleaba la identificaci\u00f3n con otros. Figura 2 demuestra la frecuencia relativa de verbos en la forma de nosotros. Aunque no es una ciencia exacta, el uso de la forma de nosotros puede demostrar las veces que Residente se identifica con otros grupos o comunidades. El hecho que el uso de la forma de nosotros aumenta tras el avance de la discograf\u00eda demuestra que Residente se identific\u00f3 con m\u00e1s gente y apoya mi conclusi\u00f3n que Calle 13 expandi\u00f3 su enfoque geopol\u00edtico tras el avance de su discograf\u00eda.<\/p>\n<div id=\"attachment_386\" style=\"width: 885px\" class=\"wp-caption aligncenter\"><img loading=\"lazy\" decoding=\"async\" aria-describedby=\"caption-attachment-386\" class=\"wp-image-386\" src=\"https:\/\/spn320.mirzamperez.sites.grinnell.edu\/fall-2019\/wp-content\/uploads\/2019\/12\/conjugaciones-mejor-300x83.png\" alt=\"\" width=\"875\" height=\"242\" srcset=\"https:\/\/spn320.mirzamperez.sites.grinnell.edu\/fall-2019\/wp-content\/uploads\/2019\/12\/conjugaciones-mejor-300x83.png 300w, https:\/\/spn320.mirzamperez.sites.grinnell.edu\/fall-2019\/wp-content\/uploads\/2019\/12\/conjugaciones-mejor-768x213.png 768w, https:\/\/spn320.mirzamperez.sites.grinnell.edu\/fall-2019\/wp-content\/uploads\/2019\/12\/conjugaciones-mejor-676x188.png 676w, https:\/\/spn320.mirzamperez.sites.grinnell.edu\/fall-2019\/wp-content\/uploads\/2019\/12\/conjugaciones-mejor.png 864w\" sizes=\"(max-width: 875px) 100vw, 875px\" \/><p id=\"caption-attachment-386\" class=\"wp-caption-text\">Figura 2<\/p><\/div>\n<p>Encontrar que Calle 13 expandi\u00f3 su vistazo para analizar los problemas sociales en t\u00e9rminos de una lucha global fue muy emocionante para m\u00ed porque siempre me alegre ver la evidencia concreta de la evoluci\u00f3n pol\u00edtica. Espero que otros artistas sigan el ejemplo de Calle 13 y enfaticen la importancia de la solidaridad. Si m\u00e1s gente encuentren las conexiones entre las instancias de la opresi\u00f3n, quiz\u00e1s podemos superarlas juntos. <strong>\u00a1Solidaridad para siempre!<\/strong><\/p>\n","protected":false},"excerpt":{"rendered":"<p>Siempre he sido un gran fan del grupo musical Calle 13. Una de las razones principales es los mensajes pol\u00edticos expresados por su rapero principal: Residente. Una opini\u00f3n pol\u00edtica en la m\u00fasica de Calle 13 es la importancia de la solidaridad internacional, y el apoyo en causas interrelacionadas. Para m\u00ed, este \u00e9nfasis en la solidaridad [&hellip;]<\/p>\n","protected":false},"author":19,"featured_media":0,"parent":0,"menu_order":0,"comment_status":"closed","ping_status":"closed","template":"","meta":{"footnotes":""},"class_list":["post-163","page","type-page","status-publish","hentry","post-preview"],"_links":{"self":[{"href":"https:\/\/spn320.mirzamperez.sites.grinnell.edu\/fall-2019\/wp-json\/wp\/v2\/pages\/163","targetHints":{"allow":["GET"]}}],"collection":[{"href":"https:\/\/spn320.mirzamperez.sites.grinnell.edu\/fall-2019\/wp-json\/wp\/v2\/pages"}],"about":[{"href":"https:\/\/spn320.mirzamperez.sites.grinnell.edu\/fall-2019\/wp-json\/wp\/v2\/types\/page"}],"author":[{"embeddable":true,"href":"https:\/\/spn320.mirzamperez.sites.grinnell.edu\/fall-2019\/wp-json\/wp\/v2\/users\/19"}],"replies":[{"embeddable":true,"href":"https:\/\/spn320.mirzamperez.sites.grinnell.edu\/fall-2019\/wp-json\/wp\/v2\/comments?post=163"}],"version-history":[{"count":16,"href":"https:\/\/spn320.mirzamperez.sites.grinnell.edu\/fall-2019\/wp-json\/wp\/v2\/pages\/163\/revisions"}],"predecessor-version":[{"id":422,"href":"https:\/\/spn320.mirzamperez.sites.grinnell.edu\/fall-2019\/wp-json\/wp\/v2\/pages\/163\/revisions\/422"}],"wp:attachment":[{"href":"https:\/\/spn320.mirzamperez.sites.grinnell.edu\/fall-2019\/wp-json\/wp\/v2\/media?parent=163"}],"curies":[{"name":"wp","href":"https:\/\/api.w.org\/{rel}","templated":true}]}}